{"id":6356,"date":"2015-01-24T10:54:56","date_gmt":"2015-01-24T10:54:56","guid":{"rendered":"http:\/\/www.sankt-peter-koeln.de\/wp\/?page_id=6356"},"modified":"2015-01-24T10:55:49","modified_gmt":"2015-01-24T10:55:49","slug":"ensemble-garage","status":"publish","type":"page","link":"https:\/\/www.sankt-peter-koeln.de\/wp\/musik\/musik-projekte\/musik-archiv\/ensemble-garage\/","title":{"rendered":"ensemble garage"},"content":{"rendered":"<p><strong>ON \u2013 Netzwerk Neue Musik<\/strong><\/p>\n<p>&nbsp;<\/p>\n<p>Am\u00a014.11.2014 um 19:30h pr\u00e4sentiert das Ensemble Garage in Kooperation mit dem niederl\u00e4ndischen Blockfl\u00f6tisten Erik Bosgraaf und Studierenden der Hochschule f\u00fcr Musik und Tanz K\u00f6ln den zweiten Teil des Austauschkonzertes BLIND DATE in der\u00a0<em>Kunst-Station St. Peter K\u00f6ln<\/em>!<\/p>\n<p>&nbsp;<\/p>\n<p>Auf dem Programm stehen Urauff\u00fchrungen f\u00fcr die Kooperation von Ferdinand Graetz, Ole H\u00fcbner, Vladimir Cuicheff Bogacz, Shujuan Yuan, sowie drei Werke, die in Deutschland ihre Erstauff\u00fchrung erleben. Jesse Broekman, Matijs de Roo und Thierry Tidrow haben bereits f\u00fcr den ersten Teil des Austauschkonzertes BLIND DATE in den Niederlanden Kompositionen geschrieben, die in St. Peter ihre zweite Auff\u00fchrung erleben. Somit ist ein Rausch an St\u00fccken entstanden, multimedial, instrumental, elektronisch und pur, besonnen, kreischend, witzig oder sensitiv \u2013 wer meint, Blockfl\u00f6tenmusik von heute zu kennen wird ganz sicher eines besseren belehrt. Let\u2019s have fun and come around!<\/p>\n<p>&nbsp;<\/p>\n<p>Das Konzert findet im Rahmen von ON \u2013 Netzwerk Neue Musik, Plattform f\u00fcr k\u00fcnstlerische Produktionen statt.<\/p>\n<p>&nbsp;<\/p>\n","protected":false},"excerpt":{"rendered":"<p>ON \u2013 Netzwerk Neue Musik &nbsp; Am\u00a014.11.2014 um 19:30h pr\u00e4sentiert das Ensemble Garage in Kooperation mit dem niederl\u00e4ndischen Blockfl\u00f6tisten Erik Bosgraaf und Studierenden der Hochschule f\u00fcr Musik und Tanz K\u00f6ln den zweiten Teil des Austauschkonzertes BLIND DATE in der\u00a0Kunst-Station St. Peter K\u00f6ln! &nbsp; Auf dem Programm stehen Urauff\u00fchrungen f\u00fcr die Kooperation von Ferdinand Graetz, Ole [&hellip;]<\/p>\n","protected":false},"author":7,"featured_media":6264,"parent":6226,"menu_order":50,"comment_status":"open","ping_status":"closed","template":"","meta":[],"_links":{"self":[{"href":"https:\/\/www.sankt-peter-koeln.de\/wp\/wp-json\/wp\/v2\/pages\/6356"}],"collection":[{"href":"https:\/\/www.sankt-peter-koeln.de\/wp\/wp-json\/wp\/v2\/pages"}],"about":[{"href":"https:\/\/www.sankt-peter-koeln.de\/wp\/wp-json\/wp\/v2\/types\/page"}],"author":[{"embeddable":true,"href":"https:\/\/www.sankt-peter-koeln.de\/wp\/wp-json\/wp\/v2\/users\/7"}],"replies":[{"embeddable":true,"href":"https:\/\/www.sankt-peter-koeln.de\/wp\/wp-json\/wp\/v2\/comments?post=6356"}],"version-history":[{"count":3,"href":"https:\/\/www.sankt-peter-koeln.de\/wp\/wp-json\/wp\/v2\/pages\/6356\/revisions"}],"predecessor-version":[{"id":6360,"href":"https:\/\/www.sankt-peter-koeln.de\/wp\/wp-json\/wp\/v2\/pages\/6356\/revisions\/6360"}],"up":[{"embeddable":true,"href":"https:\/\/www.sankt-peter-koeln.de\/wp\/wp-json\/wp\/v2\/pages\/6226"}],"wp:featuredmedia":[{"embeddable":true,"href":"https:\/\/www.sankt-peter-koeln.de\/wp\/wp-json\/wp\/v2\/media\/6264"}],"wp:attachment":[{"href":"https:\/\/www.sankt-peter-koeln.de\/wp\/wp-json\/wp\/v2\/media?parent=6356"}],"curies":[{"name":"wp","href":"https:\/\/api.w.org\/{rel}","templated":true}]}}