{"id":6482,"date":"2015-01-24T16:42:00","date_gmt":"2015-01-24T16:42:00","guid":{"rendered":"http:\/\/www.sankt-peter-koeln.de\/wp\/?page_id=6482"},"modified":"2015-01-24T16:42:21","modified_gmt":"2015-01-24T16:42:21","slug":"kolner-musiknacht","status":"publish","type":"page","link":"https:\/\/www.sankt-peter-koeln.de\/wp\/musik\/musik-projekte\/musik-2013\/kolner-musiknacht\/","title":{"rendered":"K\u00f6lner Musiknacht"},"content":{"rendered":"<p><strong>K\u00f6lner Musiknacht 2013<\/strong><\/p>\n<p>&nbsp;<\/p>\n<p><a href=\"http:\/\/www.koelner-musiknacht.de\" target=\"_blank\"><img loading=\"lazy\" title=\"Musiknacht\" src=\"https:\/\/www.sankt-peter-koeln.de\/wp\/wp-content\/uploads\/Screenshot-2015-01-24-13.14.58.png\" alt=\"\" width=\"140\" height=\"132\" \/><\/a><\/p>\n<p>&nbsp;<\/p>\n<p>&nbsp;<\/p>\n<h2>20 Uhr Sors immanis<br \/>\n\u201eLieder und T\u00e4nze des Todes\u201c<\/h2>\n<p>Nicola M\u00fcllers \u2013 Sopran<\/p>\n<p>Karel Vanek \u2013 Tanz<br \/>\nElnara Ismailova \u2013 Klavier<br \/>\nHolger Mertin, Walter L. Mik, Guido Preu\u00df \u2013 Schrott-Perkussion<br \/>\nMusikalische Bearbeitung und Schrottorchester-Konzeption: Walter L. Mik<br \/>\nRegie\/Dramaturgie: Guido Preu\u00df<\/p>\n<p>&nbsp;<\/p>\n<h2>21 Uhr Dominik Susteck<br \/>\n\u201eWolfgang Rihm \u2013 Orgelwerke\u201c<\/h2>\n<p>Dominik Susteck \u2013 Orgel<\/p>\n<p>&nbsp;<\/p>\n<h2>22 Uhr Kanzlei f\u00fcr Raumbefragungen<br \/>\n\u201e{kA} : keine Ahnung von Schwerkraft\u201c<\/h2>\n<p>Nico Bergmann \u2013 issit, patches &amp; turntables<br \/>\nGerriet K. Sharma \u2013 issit, patches &amp; turntables<\/p>\n<p>&nbsp;<\/p>\n<p>Inspiriert durch das Thema \u201eGro\u00dfstadt als Paradies und H\u00f6lle\u201c hat das Ensemble Sors immanis um die S\u00e4ngerin Nicola M\u00fcllers ein Projekt konzipiert, das auf Modest Mussorgskys Zyklus \u201eLieder und T\u00e4nze des Todes\u201c basiert. Mit Tanz, Darstellung, einem Schrottorchester sowie einem innovativen Raumkonzept entsteht ein vielschichtiger Traumbildreigen, bei dem das Thema \u201eTod\u201c mit all seinen Ablegern wie Verg\u00e4nglichkeit, Zeitlichkeit, Gnade, Sehnsucht, Schmerz, Verlust, Trauer und Trost aufscheint.<\/p>\n<p>&nbsp;<\/p>\n<p>Als \u201e,meist dr\u00f6hnend Freies, kinderhaft pompig\u201c hat Wolfgang Rihm einmal seine Orgelwerke beschrieben, die er im zarten Teenie-Alter von 15 Jahren komponiert hat. Etwas von dieser unbek\u00fcmmerten Wildheit hatte er sich auch sp\u00e4ter bewahrt \u2013 als der inzwischen arrivierte Komponist sporadisch zur Orgel zur\u00fcckkehrte, um ihre orchestrale Opulenz auszureizen. Dominik Susteck pr\u00e4sentiert ausgew\u00e4hlte Werke aus seiner CD, die Wolfgang Rihm einfach \u201ehinrei\u00dfend\u201c fand.<\/p>\n<p>&nbsp;<\/p>\n<p>Die 2010 gegr\u00fcndete Kanzlei f\u00fcr Raumbefragungen bezieht in ihren Raum-Klangkompositionen die akustischen Eigenschaften des jeweiligen Auff\u00fchrungsorts mit ein. Und daf\u00fcr wurde mit \u201eissit\u201c ein aus 32 Lautsprechern bestehendes mobiles Instrument entwickelt. So entsteht ein fortw\u00e4hrendes Frage- und Antwortspiel, das die Architektur, die Bauweise, Materialit\u00e4t und Atmosph\u00e4re thematisiert und in eine aurale Architektur des Moments \u00fcberf\u00fchrt.<\/p>\n<p>&nbsp;<\/p>\n","protected":false},"excerpt":{"rendered":"<p>K\u00f6lner Musiknacht 2013 &nbsp; &nbsp; &nbsp; 20 Uhr Sors immanis \u201eLieder und T\u00e4nze des Todes\u201c Nicola M\u00fcllers \u2013 Sopran Karel Vanek \u2013 Tanz Elnara Ismailova \u2013 Klavier Holger Mertin, Walter L. Mik, Guido Preu\u00df \u2013 Schrott-Perkussion Musikalische Bearbeitung und Schrottorchester-Konzeption: Walter L. Mik Regie\/Dramaturgie: Guido Preu\u00df &nbsp; 21 Uhr Dominik Susteck \u201eWolfgang Rihm \u2013 Orgelwerke\u201c [&hellip;]<\/p>\n","protected":false},"author":7,"featured_media":6405,"parent":6306,"menu_order":40,"comment_status":"open","ping_status":"closed","template":"","meta":[],"_links":{"self":[{"href":"https:\/\/www.sankt-peter-koeln.de\/wp\/wp-json\/wp\/v2\/pages\/6482"}],"collection":[{"href":"https:\/\/www.sankt-peter-koeln.de\/wp\/wp-json\/wp\/v2\/pages"}],"about":[{"href":"https:\/\/www.sankt-peter-koeln.de\/wp\/wp-json\/wp\/v2\/types\/page"}],"author":[{"embeddable":true,"href":"https:\/\/www.sankt-peter-koeln.de\/wp\/wp-json\/wp\/v2\/users\/7"}],"replies":[{"embeddable":true,"href":"https:\/\/www.sankt-peter-koeln.de\/wp\/wp-json\/wp\/v2\/comments?post=6482"}],"version-history":[{"count":2,"href":"https:\/\/www.sankt-peter-koeln.de\/wp\/wp-json\/wp\/v2\/pages\/6482\/revisions"}],"predecessor-version":[{"id":6484,"href":"https:\/\/www.sankt-peter-koeln.de\/wp\/wp-json\/wp\/v2\/pages\/6482\/revisions\/6484"}],"up":[{"embeddable":true,"href":"https:\/\/www.sankt-peter-koeln.de\/wp\/wp-json\/wp\/v2\/pages\/6306"}],"wp:featuredmedia":[{"embeddable":true,"href":"https:\/\/www.sankt-peter-koeln.de\/wp\/wp-json\/wp\/v2\/media\/6405"}],"wp:attachment":[{"href":"https:\/\/www.sankt-peter-koeln.de\/wp\/wp-json\/wp\/v2\/media?parent=6482"}],"curies":[{"name":"wp","href":"https:\/\/api.w.org\/{rel}","templated":true}]}}